{"id":967,"date":"2024-10-18T13:35:29","date_gmt":"2024-10-18T11:35:29","guid":{"rendered":"https:\/\/caltuset.com\/historia\/"},"modified":"2026-01-28T08:49:56","modified_gmt":"2026-01-28T07:49:56","slug":"historia","status":"publish","type":"page","link":"https:\/\/caltuset.com\/es\/historia\/","title":{"rendered":"Historia"},"content":{"rendered":"\t\t<div data-elementor-type=\"wp-page\" data-elementor-id=\"967\" class=\"elementor elementor-967 elementor-435\" data-elementor-post-type=\"page\">\n\t\t\t\t<div class=\"elementor-element elementor-element-1a518ef e-con-full e-flex e-con e-parent\" data-id=\"1a518ef\" data-element_type=\"container\" data-e-type=\"container\" data-settings=\"{&quot;background_background&quot;:&quot;classic&quot;,&quot;jet_parallax_layout_list&quot;:[]}\">\n\t\t<div class=\"elementor-element elementor-element-7c662ca e-flex e-con-boxed e-con e-child\" data-id=\"7c662ca\" data-element_type=\"container\" data-e-type=\"container\" data-settings=\"{&quot;jet_parallax_layout_list&quot;:[]}\">\n\t\t\t\t\t<div class=\"e-con-inner\">\n\t\t<div class=\"elementor-element elementor-element-e14bb21 e-con-full e-flex e-con e-child\" data-id=\"e14bb21\" data-element_type=\"container\" data-e-type=\"container\" data-settings=\"{&quot;background_background&quot;:&quot;classic&quot;,&quot;animation&quot;:&quot;none&quot;,&quot;jet_parallax_layout_list&quot;:[]}\">\n\t\t\t\t<div class=\"elementor-element elementor-element-d15b1cb animated-slow elementor-invisible elementor-widget elementor-widget-heading\" data-id=\"d15b1cb\" data-element_type=\"widget\" data-e-type=\"widget\" data-settings=\"{&quot;_animation&quot;:&quot;fadeIn&quot;,&quot;_animation_delay&quot;:800}\" data-widget_type=\"heading.default\">\n\t\t\t\t<div class=\"elementor-widget-container\">\n\t\t\t\t\t<h1 class=\"elementor-heading-title elementor-size-default\">Nuestra historia<\/h1>\t\t\t\t<\/div>\n\t\t\t\t<\/div>\n\t\t\t\t<\/div>\n\t\t\t\t\t<\/div>\n\t\t\t\t<\/div>\n\t\t\t\t<\/div>\n\t\t<div class=\"elementor-element elementor-element-c8af27c e-flex e-con-boxed e-con e-parent\" data-id=\"c8af27c\" data-element_type=\"container\" data-e-type=\"container\" data-settings=\"{&quot;background_background&quot;:&quot;classic&quot;,&quot;jet_parallax_layout_list&quot;:[]}\">\n\t\t\t\t\t<div class=\"e-con-inner\">\n\t\t\t\t<div class=\"elementor-element elementor-element-7050cf3 elementor-widget elementor-widget-jet-timeline\" data-id=\"7050cf3\" data-element_type=\"widget\" data-e-type=\"widget\" data-widget_type=\"jet-timeline.default\">\n\t\t\t\t<div class=\"elementor-widget-container\">\n\t\t\t\t\t<div class=\"elementor-jet-timeline jet-elements\"><div class=\"jet-timeline jet-timeline--align-center jet-timeline--align-middle\">\n\t<div class=\"jet-timeline__line\"><div class=\"jet-timeline__line-progress\"><\/div><\/div>\n\t<div class=\"jet-timeline-list\"><div class=\"jet-timeline-item jet-timeline-item--animated elementor-repeater-item-16966e4 jet-timeline-item--image-inside\">\n\t<div class=\"timeline-item__card\">\n\t\t<div class=\"timeline-item__card-inner\">\n\t\t\t\t<div class=\"timeline-item__card-img\"><img fetchpriority=\"high\" decoding=\"async\" width=\"1360\" height=\"1020\" src=\"https:\/\/caltuset.com\/wp-content\/uploads\/2026\/01\/botiga-castellfollit-de-la-roca-interior.webp\" class=\"attachment-full size-full wp-image-1432\" alt=\"\" srcset=\"https:\/\/caltuset.com\/wp-content\/uploads\/2026\/01\/botiga-castellfollit-de-la-roca-interior.webp 1360w, https:\/\/caltuset.com\/wp-content\/uploads\/2026\/01\/botiga-castellfollit-de-la-roca-interior-300x225.webp 300w, https:\/\/caltuset.com\/wp-content\/uploads\/2026\/01\/botiga-castellfollit-de-la-roca-interior-1024x768.webp 1024w, https:\/\/caltuset.com\/wp-content\/uploads\/2026\/01\/botiga-castellfollit-de-la-roca-interior-768x576.webp 768w, https:\/\/caltuset.com\/wp-content\/uploads\/2026\/01\/botiga-castellfollit-de-la-roca-interior-600x450.webp 600w\" sizes=\"(max-width: 1360px) 100vw, 1360px\" \/><\/div>\t\t\t\t<div class=\"timeline-item__card-content\">\n\t\t\t\t\t<div class=\"timeline-item__meta\"><div class=\"timeline-item__meta-content\">1989<\/div><\/div><h2 class=\"timeline-item__card-title\">El origen<\/h2><div class=\"timeline-item__card-desc\"><p>En 1989 empezamos nuestra actividad como panaderos en la c\u00e9ntrica calle de Sant Pere, de Badalona, \u200b\u200bjunto a la v\u00eda comercial m\u00e1s transitada de la ciudad.<\/p><\/div>\t\t\t\t<\/div>\n\t\t\t\t\t\t<\/div>\n\t\t<div class=\"timeline-item__card-arrow\"><\/div>\n\t<\/div>\n\t<div class=\"timeline-item__point\"><div class=\"timeline-item__point-content timeline-item__point-content--icon\"><span class=\"jet-elements-icon\"><svg aria-hidden=\"true\" class=\"e-font-icon-svg e-fas-circle\" viewBox=\"0 0 512 512\" xmlns=\"http:\/\/www.w3.org\/2000\/svg\"><path d=\"M256 8C119 8 8 119 8 256s111 248 248 248 248-111 248-248S393 8 256 8z\"><\/path><\/svg><\/span><\/div><\/div><div class=\"timeline-item__meta\"><div class=\"timeline-item__meta-content\">1989<\/div><\/div><\/div><div class=\"jet-timeline-item jet-timeline-item--animated elementor-repeater-item-941c2e2 jet-timeline-item--image-inside\">\n\t<div class=\"timeline-item__card\">\n\t\t<div class=\"timeline-item__card-inner\">\n\t\t\t\t<div class=\"timeline-item__card-img\"><img decoding=\"async\" width=\"994\" height=\"752\" src=\"https:\/\/caltuset.com\/wp-content\/uploads\/2025\/10\/castellfollit-de-la-roca-desde-el-campanario.jpg\" class=\"attachment-full size-full wp-image-660\" alt=\"Cases de Castellfollit de la Roca\" srcset=\"https:\/\/caltuset.com\/wp-content\/uploads\/2025\/10\/castellfollit-de-la-roca-desde-el-campanario.jpg 994w, https:\/\/caltuset.com\/wp-content\/uploads\/2025\/10\/castellfollit-de-la-roca-desde-el-campanario-300x227.jpg 300w, https:\/\/caltuset.com\/wp-content\/uploads\/2025\/10\/castellfollit-de-la-roca-desde-el-campanario-768x581.jpg 768w, https:\/\/caltuset.com\/wp-content\/uploads\/2025\/10\/castellfollit-de-la-roca-desde-el-campanario-600x454.jpg 600w\" sizes=\"(max-width: 994px) 100vw, 994px\" \/><\/div>\t\t\t\t<div class=\"timeline-item__card-content\">\n\t\t\t\t\t<div class=\"timeline-item__meta\"><div class=\"timeline-item__meta-content\">1995<\/div><\/div><h2 class=\"timeline-item__card-title\">Hacia la Garrotxa<\/h2><div class=\"timeline-item__card-desc\"><p>En 1995 decidimos buscar un lugar m\u00e1s tranquilo para vivir y trabajar y nos trasladamos a Castellfollit de la Roca, en la Garrotxa. En Castellfollit compramos una de las panader\u00edas del pueblo, conocida como Ca la Coloma. <\/p><\/div>\t\t\t\t<\/div>\n\t\t\t\t\t\t<\/div>\n\t\t<div class=\"timeline-item__card-arrow\"><\/div>\n\t<\/div>\n\t<div class=\"timeline-item__point\"><div class=\"timeline-item__point-content timeline-item__point-content--icon\"><span class=\"jet-elements-icon\"><svg aria-hidden=\"true\" class=\"e-font-icon-svg e-fas-circle\" viewBox=\"0 0 512 512\" xmlns=\"http:\/\/www.w3.org\/2000\/svg\"><path d=\"M256 8C119 8 8 119 8 256s111 248 248 248 248-111 248-248S393 8 256 8z\"><\/path><\/svg><\/span><\/div><\/div><div class=\"timeline-item__meta\"><div class=\"timeline-item__meta-content\">1995<\/div><\/div><\/div><div class=\"jet-timeline-item jet-timeline-item--animated elementor-repeater-item-45af819 jet-timeline-item--image-inside\">\n\t<div class=\"timeline-item__card\">\n\t\t<div class=\"timeline-item__card-inner\">\n\t\t\t\t<div class=\"timeline-item__card-img\"><img decoding=\"async\" width=\"1619\" height=\"1194\" src=\"https:\/\/caltuset.com\/wp-content\/uploads\/2025\/11\/cal-tuset-foto_historia_magdalenes-grosses.jpg\" class=\"attachment-full size-full wp-image-1321\" alt=\"Magdalenes Cal Tuset\" srcset=\"https:\/\/caltuset.com\/wp-content\/uploads\/2025\/11\/cal-tuset-foto_historia_magdalenes-grosses.jpg 1619w, https:\/\/caltuset.com\/wp-content\/uploads\/2025\/11\/cal-tuset-foto_historia_magdalenes-grosses-300x221.jpg 300w, https:\/\/caltuset.com\/wp-content\/uploads\/2025\/11\/cal-tuset-foto_historia_magdalenes-grosses-1024x755.jpg 1024w, https:\/\/caltuset.com\/wp-content\/uploads\/2025\/11\/cal-tuset-foto_historia_magdalenes-grosses-768x566.jpg 768w, https:\/\/caltuset.com\/wp-content\/uploads\/2025\/11\/cal-tuset-foto_historia_magdalenes-grosses-1536x1133.jpg 1536w, https:\/\/caltuset.com\/wp-content\/uploads\/2025\/11\/cal-tuset-foto_historia_magdalenes-grosses-600x442.jpg 600w\" sizes=\"(max-width: 1619px) 100vw, 1619px\" \/><\/div>\t\t\t\t<div class=\"timeline-item__card-content\">\n\t\t\t\t\t<div class=\"timeline-item__meta\"><div class=\"timeline-item__meta-content\">1997<\/div><\/div><h2 class=\"timeline-item__card-title\">\u00a1M\u00e1s grandes!<\/h2><div class=\"timeline-item__card-desc\"><p>En Cal Tuset empezamos fabricando las t\u00edpicas magdalenas redondas, pero no nos resultaban atractivas para nuestros clientes. Jordi Tuset ambicionaba convertir a las magdalenas en una comida deliciosa, especial, que apeteciera a cualquier hora. Y las magdalenas deb\u00edan tener un encanto especial, por eso hab\u00eda que presentarlas de forma atractiva. Nac\u00edan las magdalenas de Cal Tuset. As\u00ed que optamos por hacerlas grandes, casi gigantescas, con cuatro puntas y comercializarlas.    <\/p><\/div>\t\t\t\t<\/div>\n\t\t\t\t\t\t<\/div>\n\t\t<div class=\"timeline-item__card-arrow\"><\/div>\n\t<\/div>\n\t<div class=\"timeline-item__point\"><div class=\"timeline-item__point-content timeline-item__point-content--icon\"><span class=\"jet-elements-icon\"><svg aria-hidden=\"true\" class=\"e-font-icon-svg e-fas-circle\" viewBox=\"0 0 512 512\" xmlns=\"http:\/\/www.w3.org\/2000\/svg\"><path d=\"M256 8C119 8 8 119 8 256s111 248 248 248 248-111 248-248S393 8 256 8z\"><\/path><\/svg><\/span><\/div><\/div><div class=\"timeline-item__meta\"><div class=\"timeline-item__meta-content\">1997<\/div><\/div><\/div><div class=\"jet-timeline-item jet-timeline-item--animated elementor-repeater-item-9ac979b jet-timeline-item--image-inside\">\n\t<div class=\"timeline-item__card\">\n\t\t<div class=\"timeline-item__card-inner\">\n\t\t\t\t<div class=\"timeline-item__card-img\"><img loading=\"lazy\" decoding=\"async\" width=\"519\" height=\"333\" src=\"https:\/\/caltuset.com\/wp-content\/uploads\/2025\/10\/cal-tuset-magdalena-xocolata-1.webp\" class=\"attachment-full size-full wp-image-658\" alt=\"Detall de la xocolata magdalena Cal Tuset\" srcset=\"https:\/\/caltuset.com\/wp-content\/uploads\/2025\/10\/cal-tuset-magdalena-xocolata-1.webp 519w, https:\/\/caltuset.com\/wp-content\/uploads\/2025\/10\/cal-tuset-magdalena-xocolata-1-300x192.webp 300w\" sizes=\"(max-width: 519px) 100vw, 519px\" \/><\/div>\t\t\t\t<div class=\"timeline-item__card-content\">\n\t\t\t\t\t<div class=\"timeline-item__meta\"><div class=\"timeline-item__meta-content\">1998<\/div><\/div><h2 class=\"timeline-item__card-title\">\u00a1M\u00e1s rellenas!<\/h2><div class=\"timeline-item__card-desc\"><p>Sin embargo, poco a poco los mismos habitantes de Castellfollit nos reclaman que las rellenemos de chocolate o de manzana. Vam fer cas a la clientela i, a dia d\u2019avui, ja disposem de 24 varietats. Ellos nos han ayudado a crecer. La nueva de la existencia de estas especiales magdalenas ha cruzado fronteras tanto nacionales como internacionales. Hoy en d\u00eda disponemos de varios establecimientos.<\/p><\/div>\t\t\t\t<\/div>\n\t\t\t\t\t\t<\/div>\n\t\t<div class=\"timeline-item__card-arrow\"><\/div>\n\t<\/div>\n\t<div class=\"timeline-item__point\"><div class=\"timeline-item__point-content timeline-item__point-content--icon\"><span class=\"jet-elements-icon\"><svg aria-hidden=\"true\" class=\"e-font-icon-svg e-fas-circle\" viewBox=\"0 0 512 512\" xmlns=\"http:\/\/www.w3.org\/2000\/svg\"><path d=\"M256 8C119 8 8 119 8 256s111 248 248 248 248-111 248-248S393 8 256 8z\"><\/path><\/svg><\/span><\/div><\/div><div class=\"timeline-item__meta\"><div class=\"timeline-item__meta-content\">1998<\/div><\/div><\/div><div class=\"jet-timeline-item jet-timeline-item--animated elementor-repeater-item-7bfabe2 jet-timeline-item--image-inside\">\n\t<div class=\"timeline-item__card\">\n\t\t<div class=\"timeline-item__card-inner\">\n\t\t\t\t<div class=\"timeline-item__card-img\"><img loading=\"lazy\" decoding=\"async\" width=\"1572\" height=\"1195\" src=\"https:\/\/caltuset.com\/wp-content\/uploads\/2025\/10\/cal-tuset-historia-gemma.historia.webp\" class=\"attachment-full size-full wp-image-657\" alt=\"Nad\u00f3 Cal Tuset\" srcset=\"https:\/\/caltuset.com\/wp-content\/uploads\/2025\/10\/cal-tuset-historia-gemma.historia.webp 1572w, https:\/\/caltuset.com\/wp-content\/uploads\/2025\/10\/cal-tuset-historia-gemma.historia-300x228.webp 300w, https:\/\/caltuset.com\/wp-content\/uploads\/2025\/10\/cal-tuset-historia-gemma.historia-1024x778.webp 1024w, https:\/\/caltuset.com\/wp-content\/uploads\/2025\/10\/cal-tuset-historia-gemma.historia-768x584.webp 768w, https:\/\/caltuset.com\/wp-content\/uploads\/2025\/10\/cal-tuset-historia-gemma.historia-1536x1168.webp 1536w, https:\/\/caltuset.com\/wp-content\/uploads\/2025\/10\/cal-tuset-historia-gemma.historia-600x456.webp 600w\" sizes=\"(max-width: 1572px) 100vw, 1572px\" \/><\/div>\t\t\t\t<div class=\"timeline-item__card-content\">\n\t\t\t\t\t<div class=\"timeline-item__meta\"><div class=\"timeline-item__meta-content\">1999<\/div><\/div><h2 class=\"timeline-item__card-title\">\u00a1M\u00e1s tiernas que un beb\u00e9, el nuestro!<\/h2><div class=\"timeline-item__card-desc\"><p>Sin embargo, poco a poco los mismos habitantes de Castellfollit nos reclaman que las rellenemos de chocolate o de manzana. Vam fer cas a la clientela i, a dia d\u2019avui, ja disposem de 24 varietats. Ellos nos han ayudado a crecer. La nueva de la existencia de estas especiales magdalenas ha cruzado fronteras tanto nacionales como internacionales. Hoy en d\u00eda disponemos de varios establecimientos.<\/p><\/div>\t\t\t\t<\/div>\n\t\t\t\t\t\t<\/div>\n\t\t<div class=\"timeline-item__card-arrow\"><\/div>\n\t<\/div>\n\t<div class=\"timeline-item__point\"><div class=\"timeline-item__point-content timeline-item__point-content--icon\"><span class=\"jet-elements-icon\"><svg aria-hidden=\"true\" class=\"e-font-icon-svg e-fas-circle\" viewBox=\"0 0 512 512\" xmlns=\"http:\/\/www.w3.org\/2000\/svg\"><path d=\"M256 8C119 8 8 119 8 256s111 248 248 248 248-111 248-248S393 8 256 8z\"><\/path><\/svg><\/span><\/div><\/div><div class=\"timeline-item__meta\"><div class=\"timeline-item__meta-content\">1999<\/div><\/div><\/div><\/div><\/div><\/div>\t\t\t\t<\/div>\n\t\t\t\t<\/div>\n\t\t\t\t\t<\/div>\n\t\t\t\t<\/div>\n\t\t<div class=\"elementor-element elementor-element-e03c49a e-con-full e-flex e-con e-parent\" data-id=\"e03c49a\" data-element_type=\"container\" data-e-type=\"container\" data-settings=\"{&quot;background_background&quot;:&quot;classic&quot;,&quot;jet_parallax_layout_list&quot;:[]}\">\n\t\t<div class=\"elementor-element elementor-element-64f84bd e-flex e-con-boxed e-con e-child\" data-id=\"64f84bd\" data-element_type=\"container\" data-e-type=\"container\" data-settings=\"{&quot;jet_parallax_layout_list&quot;:[]}\">\n\t\t\t\t\t<div class=\"e-con-inner\">\n\t\t<div class=\"elementor-element elementor-element-67392ee e-con-full e-flex e-con e-child\" data-id=\"67392ee\" data-element_type=\"container\" data-e-type=\"container\" data-settings=\"{&quot;background_background&quot;:&quot;classic&quot;,&quot;animation&quot;:&quot;none&quot;,&quot;jet_parallax_layout_list&quot;:[]}\">\n\t\t\t\t<div class=\"elementor-element elementor-element-f670bf9 animated-slow elementor-invisible elementor-widget elementor-widget-heading\" data-id=\"f670bf9\" data-element_type=\"widget\" data-e-type=\"widget\" data-settings=\"{&quot;_animation&quot;:&quot;fadeIn&quot;,&quot;_animation_delay&quot;:500}\" data-widget_type=\"heading.default\">\n\t\t\t\t<div class=\"elementor-widget-container\">\n\t\t\t\t\t<h3 class=\"elementor-heading-title elementor-size-default\">\u00bfAlguna consulta?<\/h3>\t\t\t\t<\/div>\n\t\t\t\t<\/div>\n\t\t\t\t<div class=\"elementor-element elementor-element-0d67afd elementor-align-center elementor-mobile-align-center elementor-invisible elementor-widget elementor-widget-button\" data-id=\"0d67afd\" data-element_type=\"widget\" data-e-type=\"widget\" data-settings=\"{&quot;_animation&quot;:&quot;fadeInUp&quot;,&quot;_animation_delay&quot;:400}\" data-widget_type=\"button.default\">\n\t\t\t\t<div class=\"elementor-widget-container\">\n\t\t\t\t\t\t\t\t\t<div class=\"elementor-button-wrapper\">\n\t\t\t\t\t<a class=\"elementor-button elementor-button-link elementor-size-sm\" href=\"https:\/\/caltuset.com\/es\/contacto\/\">\n\t\t\t\t\t\t<span class=\"elementor-button-content-wrapper\">\n\t\t\t\t\t\t\t\t\t<span class=\"elementor-button-text\">CONTACTO<\/span>\n\t\t\t\t\t<\/span>\n\t\t\t\t\t<\/a>\n\t\t\t\t<\/div>\n\t\t\t\t\t\t\t\t<\/div>\n\t\t\t\t<\/div>\n\t\t\t\t<\/div>\n\t\t\t\t\t<\/div>\n\t\t\t\t<\/div>\n\t\t\t\t<\/div>\n\t\t\t\t<\/div>\n\t\t","protected":false},"excerpt":{"rendered":"<p>Magdalenas tan tiernas como un beb\u00e9<\/p>\n","protected":false},"author":1,"featured_media":1312,"parent":0,"menu_order":0,"comment_status":"closed","ping_status":"closed","template":"","meta":{"footnotes":""},"class_list":["post-967","page","type-page","status-publish","has-post-thumbnail","hentry"],"yoast_head":"<!-- This site is optimized with the Yoast SEO plugin v27.5 - https:\/\/yoast.com\/product\/yoast-seo-wordpress\/ -->\n<title>Historia - Cal Tuset<\/title>\n<meta name=\"description\" content=\"Descubre la historia de Cal Tuset, desde sus inicios como panader\u00eda hasta convertirse en referente de las magdalenas artesanas de la Garrotxa.\" \/>\n<meta name=\"robots\" content=\"index, follow, max-snippet:-1, max-image-preview:large, max-video-preview:-1\" \/>\n<link rel=\"canonical\" href=\"https:\/\/caltuset.com\/es\/historia\/\" \/>\n<meta property=\"og:locale\" content=\"es_ES\" \/>\n<meta property=\"og:type\" content=\"article\" \/>\n<meta property=\"og:title\" content=\"Historia - Cal Tuset\" \/>\n<meta property=\"og:description\" content=\"Descubre la historia de Cal Tuset, desde sus inicios como panader\u00eda hasta convertirse en referente de las magdalenas artesanas de la Garrotxa.\" \/>\n<meta property=\"og:url\" content=\"https:\/\/caltuset.com\/es\/historia\/\" \/>\n<meta property=\"og:site_name\" content=\"Cal Tuset\" \/>\n<meta property=\"article:modified_time\" content=\"2026-01-28T07:49:56+00:00\" \/>\n<meta property=\"og:image\" content=\"https:\/\/caltuset.com\/wp-content\/uploads\/2024\/10\/cal-tuset-foto_historia_1.webp\" \/>\n\t<meta property=\"og:image:width\" content=\"1619\" \/>\n\t<meta property=\"og:image:height\" content=\"1037\" \/>\n\t<meta property=\"og:image:type\" content=\"image\/webp\" \/>\n<meta name=\"twitter:card\" content=\"summary_large_image\" \/>\n<meta name=\"twitter:label1\" content=\"Tiempo de lectura\" \/>\n\t<meta name=\"twitter:data1\" content=\"1 minuto\" \/>\n<script type=\"application\/ld+json\" class=\"yoast-schema-graph\">{\"@context\":\"https:\\\/\\\/schema.org\",\"@graph\":[{\"@type\":\"WebPage\",\"@id\":\"https:\\\/\\\/caltuset.com\\\/es\\\/historia\\\/\",\"url\":\"https:\\\/\\\/caltuset.com\\\/es\\\/historia\\\/\",\"name\":\"Historia - Cal Tuset\",\"isPartOf\":{\"@id\":\"https:\\\/\\\/caltuset.com\\\/es\\\/#website\"},\"primaryImageOfPage\":{\"@id\":\"https:\\\/\\\/caltuset.com\\\/es\\\/historia\\\/#primaryimage\"},\"image\":{\"@id\":\"https:\\\/\\\/caltuset.com\\\/es\\\/historia\\\/#primaryimage\"},\"thumbnailUrl\":\"https:\\\/\\\/caltuset.com\\\/wp-content\\\/uploads\\\/2024\\\/10\\\/cal-tuset-foto_historia_1.webp\",\"datePublished\":\"2024-10-18T11:35:29+00:00\",\"dateModified\":\"2026-01-28T07:49:56+00:00\",\"description\":\"Descubre la historia de Cal Tuset, desde sus inicios como panader\u00eda hasta convertirse en referente de las magdalenas artesanas de la Garrotxa.\",\"breadcrumb\":{\"@id\":\"https:\\\/\\\/caltuset.com\\\/es\\\/historia\\\/#breadcrumb\"},\"inLanguage\":\"es\",\"potentialAction\":[{\"@type\":\"ReadAction\",\"target\":[\"https:\\\/\\\/caltuset.com\\\/es\\\/historia\\\/\"]}]},{\"@type\":\"ImageObject\",\"inLanguage\":\"es\",\"@id\":\"https:\\\/\\\/caltuset.com\\\/es\\\/historia\\\/#primaryimage\",\"url\":\"https:\\\/\\\/caltuset.com\\\/wp-content\\\/uploads\\\/2024\\\/10\\\/cal-tuset-foto_historia_1.webp\",\"contentUrl\":\"https:\\\/\\\/caltuset.com\\\/wp-content\\\/uploads\\\/2024\\\/10\\\/cal-tuset-foto_historia_1.webp\",\"width\":1619,\"height\":1037,\"caption\":\"Hace falta Tuset historia\"},{\"@type\":\"BreadcrumbList\",\"@id\":\"https:\\\/\\\/caltuset.com\\\/es\\\/historia\\\/#breadcrumb\",\"itemListElement\":[{\"@type\":\"ListItem\",\"position\":1,\"name\":\"Inici\",\"item\":\"https:\\\/\\\/caltuset.com\\\/es\\\/inicio\\\/\"},{\"@type\":\"ListItem\",\"position\":2,\"name\":\"Historia\"}]},{\"@type\":\"WebSite\",\"@id\":\"https:\\\/\\\/caltuset.com\\\/es\\\/#website\",\"url\":\"https:\\\/\\\/caltuset.com\\\/es\\\/\",\"name\":\"Cal Tuset\",\"description\":\"Magdalenes tan tendres com un nad\u00f3\",\"publisher\":{\"@id\":\"https:\\\/\\\/caltuset.com\\\/es\\\/#organization\"},\"potentialAction\":[{\"@type\":\"SearchAction\",\"target\":{\"@type\":\"EntryPoint\",\"urlTemplate\":\"https:\\\/\\\/caltuset.com\\\/es\\\/?s={search_term_string}\"},\"query-input\":{\"@type\":\"PropertyValueSpecification\",\"valueRequired\":true,\"valueName\":\"search_term_string\"}}],\"inLanguage\":\"es\"},{\"@type\":\"Organization\",\"@id\":\"https:\\\/\\\/caltuset.com\\\/es\\\/#organization\",\"name\":\"Cal Tuset\",\"url\":\"https:\\\/\\\/caltuset.com\\\/es\\\/\",\"logo\":{\"@type\":\"ImageObject\",\"inLanguage\":\"es\",\"@id\":\"https:\\\/\\\/caltuset.com\\\/es\\\/#\\\/schema\\\/logo\\\/image\\\/\",\"url\":\"https:\\\/\\\/caltuset.com\\\/wp-content\\\/uploads\\\/2024\\\/10\\\/cal-tuset_logotip.svg\",\"contentUrl\":\"https:\\\/\\\/caltuset.com\\\/wp-content\\\/uploads\\\/2024\\\/10\\\/cal-tuset_logotip.svg\",\"caption\":\"Cal Tuset\"},\"image\":{\"@id\":\"https:\\\/\\\/caltuset.com\\\/es\\\/#\\\/schema\\\/logo\\\/image\\\/\"}}]}<\/script>\n<!-- \/ Yoast SEO plugin. -->","yoast_head_json":{"title":"Historia - Cal Tuset","description":"Descubre la historia de Cal Tuset, desde sus inicios como panader\u00eda hasta convertirse en referente de las magdalenas artesanas de la Garrotxa.","robots":{"index":"index","follow":"follow","max-snippet":"max-snippet:-1","max-image-preview":"max-image-preview:large","max-video-preview":"max-video-preview:-1"},"canonical":"https:\/\/caltuset.com\/es\/historia\/","og_locale":"es_ES","og_type":"article","og_title":"Historia - Cal Tuset","og_description":"Descubre la historia de Cal Tuset, desde sus inicios como panader\u00eda hasta convertirse en referente de las magdalenas artesanas de la Garrotxa.","og_url":"https:\/\/caltuset.com\/es\/historia\/","og_site_name":"Cal Tuset","article_modified_time":"2026-01-28T07:49:56+00:00","og_image":[{"width":1619,"height":1037,"url":"https:\/\/caltuset.com\/wp-content\/uploads\/2024\/10\/cal-tuset-foto_historia_1.webp","type":"image\/webp"}],"twitter_card":"summary_large_image","twitter_misc":{"Tiempo de lectura":"1 minuto"},"schema":{"@context":"https:\/\/schema.org","@graph":[{"@type":"WebPage","@id":"https:\/\/caltuset.com\/es\/historia\/","url":"https:\/\/caltuset.com\/es\/historia\/","name":"Historia - Cal Tuset","isPartOf":{"@id":"https:\/\/caltuset.com\/es\/#website"},"primaryImageOfPage":{"@id":"https:\/\/caltuset.com\/es\/historia\/#primaryimage"},"image":{"@id":"https:\/\/caltuset.com\/es\/historia\/#primaryimage"},"thumbnailUrl":"https:\/\/caltuset.com\/wp-content\/uploads\/2024\/10\/cal-tuset-foto_historia_1.webp","datePublished":"2024-10-18T11:35:29+00:00","dateModified":"2026-01-28T07:49:56+00:00","description":"Descubre la historia de Cal Tuset, desde sus inicios como panader\u00eda hasta convertirse en referente de las magdalenas artesanas de la Garrotxa.","breadcrumb":{"@id":"https:\/\/caltuset.com\/es\/historia\/#breadcrumb"},"inLanguage":"es","potentialAction":[{"@type":"ReadAction","target":["https:\/\/caltuset.com\/es\/historia\/"]}]},{"@type":"ImageObject","inLanguage":"es","@id":"https:\/\/caltuset.com\/es\/historia\/#primaryimage","url":"https:\/\/caltuset.com\/wp-content\/uploads\/2024\/10\/cal-tuset-foto_historia_1.webp","contentUrl":"https:\/\/caltuset.com\/wp-content\/uploads\/2024\/10\/cal-tuset-foto_historia_1.webp","width":1619,"height":1037,"caption":"Hace falta Tuset historia"},{"@type":"BreadcrumbList","@id":"https:\/\/caltuset.com\/es\/historia\/#breadcrumb","itemListElement":[{"@type":"ListItem","position":1,"name":"Inici","item":"https:\/\/caltuset.com\/es\/inicio\/"},{"@type":"ListItem","position":2,"name":"Historia"}]},{"@type":"WebSite","@id":"https:\/\/caltuset.com\/es\/#website","url":"https:\/\/caltuset.com\/es\/","name":"Cal Tuset","description":"Magdalenes tan tendres com un nad\u00f3","publisher":{"@id":"https:\/\/caltuset.com\/es\/#organization"},"potentialAction":[{"@type":"SearchAction","target":{"@type":"EntryPoint","urlTemplate":"https:\/\/caltuset.com\/es\/?s={search_term_string}"},"query-input":{"@type":"PropertyValueSpecification","valueRequired":true,"valueName":"search_term_string"}}],"inLanguage":"es"},{"@type":"Organization","@id":"https:\/\/caltuset.com\/es\/#organization","name":"Cal Tuset","url":"https:\/\/caltuset.com\/es\/","logo":{"@type":"ImageObject","inLanguage":"es","@id":"https:\/\/caltuset.com\/es\/#\/schema\/logo\/image\/","url":"https:\/\/caltuset.com\/wp-content\/uploads\/2024\/10\/cal-tuset_logotip.svg","contentUrl":"https:\/\/caltuset.com\/wp-content\/uploads\/2024\/10\/cal-tuset_logotip.svg","caption":"Cal Tuset"},"image":{"@id":"https:\/\/caltuset.com\/es\/#\/schema\/logo\/image\/"}}]}},"_links":{"self":[{"href":"https:\/\/caltuset.com\/es\/wp-json\/wp\/v2\/pages\/967","targetHints":{"allow":["GET"]}}],"collection":[{"href":"https:\/\/caltuset.com\/es\/wp-json\/wp\/v2\/pages"}],"about":[{"href":"https:\/\/caltuset.com\/es\/wp-json\/wp\/v2\/types\/page"}],"author":[{"embeddable":true,"href":"https:\/\/caltuset.com\/es\/wp-json\/wp\/v2\/users\/1"}],"replies":[{"embeddable":true,"href":"https:\/\/caltuset.com\/es\/wp-json\/wp\/v2\/comments?post=967"}],"version-history":[{"count":9,"href":"https:\/\/caltuset.com\/es\/wp-json\/wp\/v2\/pages\/967\/revisions"}],"predecessor-version":[{"id":1455,"href":"https:\/\/caltuset.com\/es\/wp-json\/wp\/v2\/pages\/967\/revisions\/1455"}],"wp:featuredmedia":[{"embeddable":true,"href":"https:\/\/caltuset.com\/es\/wp-json\/wp\/v2\/media\/1312"}],"wp:attachment":[{"href":"https:\/\/caltuset.com\/es\/wp-json\/wp\/v2\/media?parent=967"}],"curies":[{"name":"wp","href":"https:\/\/api.w.org\/{rel}","templated":true}]}}